{"id":219,"date":"2015-08-18T23:24:18","date_gmt":"2015-08-18T21:24:18","guid":{"rendered":"http:\/\/www.certilingua.net\/?page_id=219"},"modified":"2025-02-19T10:01:32","modified_gmt":"2025-02-19T09:01:32","slug":"certilingua-france","status":"publish","type":"page","link":"https:\/\/www.certilingua.net\/?page_id=219","title":{"rendered":"France"},"content":{"rendered":"<p style=\"font-weight: 400;\"><strong>CERTILINGUA France<\/strong><\/p>\n<p style=\"font-weight: 400;\"><strong>Representatives<\/strong><\/p>\n<p style=\"font-weight: 400;\"><strong>Ms Muriel Surroz-Bost <\/strong>, head of the modern languages department<\/p>\n<p style=\"font-weight: 400;\"><strong>Mrs Arabella Thomas<\/strong>, research officer<\/p>\n<p style=\"font-weight: 400;\">Office of pedagogical contents and languages<\/p>\n<p style=\"font-weight: 400;\">Direction G\u00e9n\u00e9rale de l\u2019Enseignement Scolaire-DGESCO<\/p>\n<p style=\"font-weight: 400;\">107, rue de Grenelle-75007-Paris<\/p>\n<p style=\"font-weight: 400;\"><a href=\"mailto:muriel.surroz-bost@education.gouv.fr\">muriel.surroz-bost@education.gouv.fr<\/a>.<\/p>\n<p style=\"font-weight: 400;\"><a href=\"mailto:arabella.thomas@education.gouv.fr\">arabella.thomas@education.gouv.fr<\/a><\/p>\n<p style=\"font-weight: 400;\">[Postal address 110 rue de Grenelle-75357-Paris 07 SP]<\/p>\n<p style=\"font-weight: 400;\"><strong>\u00a0<\/strong><\/p>\n<p style=\"font-weight: 400;\"><strong>Ms Muriel Surroz-Bost ,<\/strong> cheffe du p\u00f4le langues vivantes<\/p>\n<p style=\"font-weight: 400;\"><strong>Mrs Arabella Thomas,<\/strong> charg\u00e9e d\u2019\u00e9tudes<\/p>\n<p style=\"font-weight: 400;\">Bureau des contenus p\u00e9dagogiques et des langues<\/p>\n<p style=\"font-weight: 400;\">Direction G\u00e9n\u00e9rale de l\u2019Enseignement Scolaire-DGESCO<\/p>\n<p style=\"font-weight: 400;\">107, rue de Grenelle-75007-Paris<\/p>\n<p style=\"font-weight: 400;\">[adresse postale 110 rue de Grenelle-75357-Paris 07 SP]<\/p>\n<p style=\"font-weight: 400;\"><strong>\u00a0<\/strong><\/p>\n<p style=\"font-weight: 400;\"><strong>\u00a0<\/strong><\/p>\n<p style=\"font-weight: 400;\"><strong>CertiLingua Schools in France<\/strong><\/p>\n<p style=\"font-weight: 400;\"><strong>Acad\u00e9mie de Normandie<\/strong><\/p>\n<p style=\"font-weight: 400;\"><a href=\"https:\/\/dumont-laplace.lycee.ac-normandie.fr\/\">lyc\u00e9e Dumont d&#8217;Urville-Laplace<\/a>; Caen<\/p>\n<p style=\"font-weight: 400;\"><strong>Acad\u00e9mie de Lille<\/strong><\/p>\n<p style=\"font-weight: 400;\"><a href=\"https:\/\/lpo-vauban-aire-sur-la-lys.62.ac-lille.fr\/\">Lyc\u00e9e Vauban<\/a>; Aire sur la Lys<\/p>\n<p style=\"font-weight: 400;\"><a href=\"https:\/\/lgt-paul-hazard-armentieres.59.ac-lille.fr\/\">Lyc\u00e9e Paul Hazard<\/a>; Armenti\u00e8res<\/p>\n<p style=\"font-weight: 400;\"><a href=\"http:\/\/lycee.gambetta.arras.free.fr\/\">Lyc\u00e9e Gambetta Carnot<\/a>; Arras<\/p>\n<p style=\"font-weight: 400;\"><a href=\"https:\/\/lyceeguymollet.fr\/\">Lyc\u00e9e Guy Mollet<\/a>; Arras<\/p>\n<p style=\"font-weight: 400;\"><a href=\"https:\/\/lgt-mariette-boulogne-sur-mer.62.ac-lille.fr\/\">Lyc\u00e9e Mariette<\/a>; Boulogne-sur-Mer<\/p>\n<p style=\"font-weight: 400;\"><a href=\"https:\/\/cite-mousseron-jurenil-denain.59.ac-lille.fr\/\">Lyc\u00e9e Mousseron<\/a>; Denain<\/p>\n<p style=\"font-weight: 400;\"><a href=\"https:\/\/chatelet-douai.fr\/\">Lyc\u00e9e Ch\u00e2telet<\/a>; Douai<\/p>\n<p style=\"font-weight: 400;\"><a href=\"https:\/\/lgt-auguste-angellier-dunkerque.59.ac-lille.fr\/presentation\/la-voie-generale\/\">Lyc\u00e9e Angellier<\/a>; Dunkerque<\/p>\n<p style=\"font-weight: 400;\"><a href=\"https:\/\/www.epid-vauban.fr\/general-technologique\/\">Lyc\u00e9e EPID<\/a>; Dunkerque<\/p>\n<p style=\"font-weight: 400;\"><a href=\"https:\/\/www.lyceejeanbart.fr\/\">Lyc\u00e9e Jean Bart<\/a>; Dunkerque<\/p>\n<p style=\"font-weight: 400;\"><a href=\"https:\/\/lgt-marguerite-de-flandre-gondecourt.59.ac-lille.fr\/\">Lyc\u00e9e Marguerite de Flandre<\/a>; Gondecourt<\/p>\n<p style=\"font-weight: 400;\"><a href=\"https:\/\/lycee-beaupre.fr\/\">Lyc\u00e9e Beaupr\u00e9<\/a>; Haubourdin<\/p>\n<p style=\"font-weight: 400;\"><a href=\"https:\/\/lyceestpaul-lens.fr\/\">Lyc\u00e9e Saint Paul<\/a>; Lens<\/p>\n<p style=\"font-weight: 400;\"><a href=\"https:\/\/lgt-henri-darras-lievin.62.ac-lille.fr\/\">Lyc\u00e9e Henri Darras<\/a>; Li\u00e9vin<\/p>\n<p style=\"font-weight: 400;\"><a href=\"https:\/\/www.lasallelille.com\/lycee.php\">Lyc\u00e9e de la Salle<\/a>; \u00a0Lille<\/p>\n<p style=\"font-weight: 400;\"><a href=\"https:\/\/lg-fenelon-lille.59.ac-lille.fr\/\">Lyc\u00e9e F\u00e9nelon<\/a>; Lille<\/p>\n<p style=\"font-weight: 400;\"><a href=\"https:\/\/lgt-louis-pasteur-lille.59.ac-lille.fr\/\">Lyc\u00e9e Pasteur<\/a>; Lille<\/p>\n<p style=\"font-weight: 400;\"><a href=\"https:\/\/www.groupe-oec.fr\/\">Lyc\u00e9e Ozanam<\/a>; Lille<\/p>\n<p style=\"font-weight: 400;\"><a href=\"https:\/\/www.theresedavila.eu\/lycee\/\">Th\u00e9r\u00e8se d\u2019Avila;<\/a> Lille<\/p>\n<p style=\"font-weight: 400;\"><a href=\"https:\/\/lpo-eugene-woillez-montreuil.62.ac-lille.fr\/\">Lyc\u00e9e Woillez<\/a>; Montreuil-sur-Mer<\/p>\n<p style=\"font-weight: 400;\"><a href=\"https:\/\/www.alexandre-ribot.fr\/\">Lyc\u00e9e Ribot<\/a>; Saint Omer<\/p>\n<p style=\"font-weight: 400;\"><a href=\"http:\/\/www.saint-michel-solesmes.com\/\">Lyc\u00e9e Saint Michel<\/a>; Solesmes<\/p>\n<p style=\"font-weight: 400;\"><a href=\"https:\/\/lycee.eic-tourcoing.fr\/\">Lyc\u00e9e EIC<\/a>; Tourcoing<\/p>\n<p style=\"font-weight: 400;\"><a href=\"https:\/\/lg-gambetta-tourcoing.59.ac-lille.fr\/\">Lyc\u00e9e Gambetta<\/a>; Tourcoing<\/p>\n<p style=\"font-weight: 400;\"><strong>Acad\u00e9mie Nancy-Metz\/ Rectorat Nancy-Metz<\/strong><\/p>\n<p><a href=\"https:\/\/lyc-teyssier.monbureaunumerique.fr\/\">Lyc\u00e9e Louis Casimir Teyssier<\/a>; Bitche<\/p>\n<p><a href=\"https:\/\/lyceehenrivogt.wordpress.com\/category\/le-lycee\/\">Lyc\u00e9e Henri Vogt<\/a>; Commercy<\/p>\n<p><a href=\"https:\/\/lyc-mayer.monbureaunumerique.fr\/\">Lyc\u00e9e Felix Mayer<\/a>; Creutzwald<\/p>\n<p style=\"font-weight: 400;\"><a href=\"https:\/\/lyc-gellee.monbureaunumerique.fr\/\">Lyc\u00e9e Claude Gel\u00e9e<\/a>; Epinal<\/p>\n<p style=\"font-weight: 400;\"><a href=\"http:\/\/lycee-lapicque.fr\/\">Lyc\u00e9e Louis Lapicque<\/a>; Epinal<\/p>\n<p><a href=\"https:\/\/cite-haie-griselle.monbureaunumerique.fr\/\">Lyc\u00e9e La Haie Griselle<\/a>; G\u00e9rardmer<\/p>\n<p style=\"font-weight: 400;\"><a href=\"https:\/\/sites.ac-nancy-metz.fr\/lyc-alfred-mezieres-longwy\/\">Lyc\u00e9e Alfred M\u00e9zi\u00e8res<\/a>; Longwy<\/p>\n<p style=\"font-weight: 400;\"><a href=\"https:\/\/lyc-bichat.monbureaunumerique.fr\/\">Lyc\u00e9e Ernest Bichat<\/a>; Lun\u00e9ville<\/p>\n<p><a href=\"http:\/\/georgesdelatour57.fr\/\">Lyc\u00e9e Georges de la Tour<\/a>; Metz<\/p>\n<p style=\"font-weight: 400;\"><a href=\"http:\/\/www.lycee-chopin.fr\/\">Lyc\u00e9e Fr\u00e9d\u00e9ric Chopin\u00a0<\/a>; Nancy<\/p>\n<p><a href=\"https:\/\/www.citescolaire-neufchateau.fr\/\">Lyc\u00e9e Pierre er Marie Curie<\/a>; Neufch\u00e2teau<\/p>\n<p style=\"font-weight: 400;\"><a href=\"https:\/\/cite-marquette.monbureaunumerique.fr\/\">Lyc\u00e9e Jacques Marquette<\/a>; Pont \u00e0 Mousson<\/p>\n<p><a href=\"https:\/\/cite-daubie.monbureaunumerique.fr\/\">Lyc\u00e9e Julie Daubi\u00e9<\/a>; Rombas<\/p>\n<p><a href=\"https:\/\/lycee-andre-malraux-remiremont.eu\/\">Lyc\u00e9e Andr\u00e9 Malraux<\/a>; Remiremont<\/p>\n<p style=\"font-weight: 400;\"><a href=\"https:\/\/lyceeponceletsaintavold.fr\/\">Lyc\u00e9e Jean-Victor Poncelet<\/a>; Saint Avold<\/p>\n<p style=\"font-weight: 400;\"><strong>Acad\u00e9mie de Poitiers<\/strong><\/p>\n<p style=\"font-weight: 400;\"><a href=\"http:\/\/etab.ac-poitiers.fr\/lycee-guez-de-balzac\/\">Lyc\u00e9e Guez de Balzac<\/a>; Angoul\u00eame<\/p>\n<p style=\"font-weight: 400;\"><a href=\"https:\/\/www.lycee-valin.fr\/RJVALIN\/\">Lyc\u00e9e Ren\u00e9 Josu\u00e9 Valin<\/a>\u00a0; La Rochelle<\/p>\n<p style=\"font-weight: 400;\"><a href=\"https:\/\/www.lycee-saintexupery-larochelle.fr\/\">Lyc\u00e9e Saint-Exup\u00e9ry<\/a>\u00a0; La Rochelle<\/p>\n<p><a href=\"http:\/\/www.lycee-jeanmace.fr\/\">Lyc\u00e9e Jean Mac\u00e9<\/a>\u00a0; Niort<\/p>\n<p><a href=\"https:\/\/www.lycee-saintandre-niort.com\/\">Lyc\u00e9e Saint-Andr\u00e9<\/a>\u00a0; Niort<\/p>\n<p style=\"font-weight: 400;\"><a href=\"https:\/\/lyceekyoto.fr\/\">Lyc\u00e9e Kyoto<\/a>\u00a0; Poitiers<\/p>\n<p style=\"font-weight: 400;\"><a href=\"https:\/\/lycee-alienor.fr\/\">Lyc\u00e9e Ali\u00e9nor d\u2019Aquitaine<\/a>\u00a0; Poitiers<\/p>\n<p style=\"font-weight: 400;\"><a href=\"https:\/\/lycee-pons.org\/\">Lyc\u00e9e \u00c9mile Combes<\/a>\u00a0; Pons<\/p>\n<p style=\"font-weight: 400;\"><a href=\"http:\/\/www.lycee-merleauponty.fr\/\">Lyc\u00e9e Merleau Ponty<\/a>; Rochefort<\/p>\n<p style=\"font-weight: 400;\"><a href=\"https:\/\/lycee-cordouan.fr\/\">Lyc\u00e9e Cordouan<\/a>\u00a0; \u00a0Royan<\/p>\n<p style=\"font-weight: 400;\"><a href=\"https:\/\/www.lycee-bellevue-saintes.fr\/\">Lyc\u00e9e Bellevue<\/a>\u00a0; Saintes<\/p>\n<p style=\"font-weight: 400;\"><strong>Acad\u00e9mie Strasbourg<\/strong><\/p>\n<p><a href=\"https:\/\/www.lyceecamilleseecolmar.fr\/\">Lyc\u00e9e Camille S\u00e9e<\/a>; Colmar<\/p>\n<p style=\"font-weight: 400;\"><a href=\"https:\/\/lyc-kastler-guebwiller.monbureaunumerique.fr\/\">Lyc\u00e9e Alfred Kastler<\/a>;\u00a0Guebwiller<\/p>\n<p style=\"font-weight: 400;\"><a href=\"http:\/\/lyceedeck.fr\/\">Lyc\u00e9e Th\u00e9odore Deck\u00a0<\/a>; Guebwiller<\/p>\n<p><a href=\"https:\/\/lycee-europeen-schuman.eu\/\">Lyc\u00e9e Robert Schuman<\/a>; Haguenau<\/p>\n<p style=\"font-weight: 400;\"><a href=\"https:\/\/www.lyceelecorbusier.eu\/\">Lyc\u00e9e Le Corbusier\u00a0<\/a>; Illkirch-Graffenstaden<\/p>\n<p style=\"font-weight: 400;\"><a href=\"http:\/\/www.lyc-armand-mulhouse.ac-strasbourg.fr\/\">Lyc\u00e9e Louis Armand<\/a>; Mulhouse<\/p>\n<p style=\"font-weight: 400;\"><a href=\"https:\/\/lyc-freppel.monbureaunumerique.fr\/\">Lyc\u00e9e Freppel<\/a>; Obernai<\/p>\n<p style=\"font-weight: 400;\"><a href=\"https:\/\/lyc-koeberle.monbureaunumerique.fr\/l-etablissement\/\">Lyc\u00e9e Docteur Eug\u00e8ne Koeberle\u00a0<\/a>; S\u00e9letat<\/p>\n<p style=\"font-weight: 400;\"><a href=\"https:\/\/lycee-jean-rostand.fr\/\">Lyc\u00e9e Jean Rostand\u00a0<\/a>; Strasbourg<\/p>\n<p style=\"font-weight: 400;\"><a href=\"https:\/\/lyc-monnet-strasbourg.site.ac-strasbourg.fr\/\">Lyc\u00e9e Jean Monnet\u00a0<\/a>; Strasbourg<\/p>\n<p style=\"font-weight: 400;\"><a href=\"https:\/\/lyc-rudloff.monbureaunumerique.fr\/\">Lyc\u00e9e Marcel Rudloff<\/a>; Strasbourg<\/p>\n<p style=\"font-weight: 400;\"><a href=\"https:\/\/www.lycee-mariecurie.org\/\">Lyc\u00e9e Marie Curie<\/a>; Strasbourg<\/p>\n<p><a href=\"https:\/\/www.college-zillisheim.com\/lycee\/\">Lyc\u00e9e priv\u00e9 \u00e9piscopal<\/a>; Zillisheim<\/p>\n<p style=\"font-weight: 400;\">\n","protected":false},"excerpt":{"rendered":"<p>CERTILINGUA France Representatives Ms Muriel Surroz-Bost , head of the modern languages department Mrs Arabella Thomas, research officer Office of pedagogical contents and languages Direction G\u00e9n\u00e9rale de l\u2019Enseignement Scolaire-DGESCO 107, rue de Grenelle-75007-Paris muriel.surroz-bost@education.gouv.fr. arabella.thomas@education.gouv.fr [Postal address 110 rue de Grenelle-75357-Paris 07 SP] \u00a0 Ms Muriel Surroz-Bost , cheffe du p\u00f4le langues vivantes Mrs Arabella [&hellip;]<\/p>\n","protected":false},"author":1,"featured_media":0,"parent":0,"menu_order":0,"comment_status":"closed","ping_status":"closed","template":"","meta":{"footnotes":""},"aioseo_notices":[],"_links":{"self":[{"href":"https:\/\/www.certilingua.net\/index.php?rest_route=\/wp\/v2\/pages\/219"}],"collection":[{"href":"https:\/\/www.certilingua.net\/index.php?rest_route=\/wp\/v2\/pages"}],"about":[{"href":"https:\/\/www.certilingua.net\/index.php?rest_route=\/wp\/v2\/types\/page"}],"author":[{"embeddable":true,"href":"https:\/\/www.certilingua.net\/index.php?rest_route=\/wp\/v2\/users\/1"}],"replies":[{"embeddable":true,"href":"https:\/\/www.certilingua.net\/index.php?rest_route=%2Fwp%2Fv2%2Fcomments&post=219"}],"version-history":[{"count":41,"href":"https:\/\/www.certilingua.net\/index.php?rest_route=\/wp\/v2\/pages\/219\/revisions"}],"predecessor-version":[{"id":2507,"href":"https:\/\/www.certilingua.net\/index.php?rest_route=\/wp\/v2\/pages\/219\/revisions\/2507"}],"wp:attachment":[{"href":"https:\/\/www.certilingua.net\/index.php?rest_route=%2Fwp%2Fv2%2Fmedia&parent=219"}],"curies":[{"name":"wp","href":"https:\/\/api.w.org\/{rel}","templated":true}]}}